{"id":11,"date":"2020-06-30T08:17:56","date_gmt":"2020-06-30T08:17:56","guid":{"rendered":"http:\/\/jugendtreff-laggenbeck.de\/?page_id=11"},"modified":"2026-01-09T10:16:42","modified_gmt":"2026-01-09T10:16:42","slug":"start","status":"publish","type":"page","link":"https:\/\/jugendtreff-laggenbeck.de\/","title":{"rendered":"Start"},"content":{"rendered":"<p>[et_pb_section fb_built=&#8220;1&#8243; next_background_color=&#8220;#ffffff&#8220; _builder_version=&#8220;4.4.8&#8243; background_enable_color=&#8220;off&#8220; background_image=&#8220;http:\/\/jugendtreff-laggenbeck.de\/wp-content\/uploads\/2020\/07\/hello.jpg&#8220; background_blend=&#8220;luminosity&#8220; min_height=&#8220;597px&#8220; custom_padding=&#8220;||0px|||&#8220; filter_brightness=&#8220;112%&#8220; bottom_divider_style=&#8220;asymmetric2&#8243; global_colors_info=&#8220;{}&#8220;][et_pb_row column_structure=&#8220;1_2,1_4,1_4&#8243; _builder_version=&#8220;4.4.8&#8243; background_enable_color=&#8220;off&#8220; custom_padding=&#8220;|40px||40px|false|false&#8220; global_colors_info=&#8220;{}&#8220;][et_pb_column type=&#8220;1_2&#8243; _builder_version=&#8220;4.4.8&#8243; global_colors_info=&#8220;{}&#8220;][et_pb_blurb title=&#8220;Herzlich Willkommen!&#8220; use_icon=&#8220;on&#8220; font_icon=&#8220;%%277%%&#8220; icon_color=&#8220;#890024&#8243; icon_placement=&#8220;left&#8220; content_max_width=&#8220;1100px&#8220; use_icon_font_size=&#8220;on&#8220; icon_font_size=&#8220;99px&#8220; _builder_version=&#8220;4.4.8&#8243; header_font=&#8220;Poppins|600|||||||&#8220; header_text_align=&#8220;left&#8220; header_font_size=&#8220;32px&#8220; header_line_height=&#8220;1.4em&#8220; body_font=&#8220;||||||||&#8220; body_line_height=&#8220;1.8em&#8220; background_color=&#8220;rgba(255,255,255,0.71)&#8220; custom_margin=&#8220;||10px||false&#8220; custom_padding=&#8220;20px|40px|20px|40px|false|false&#8220; custom_padding_tablet=&#8220;&#8220; custom_padding_phone=&#8220;&#8220; custom_padding_last_edited=&#8220;on|desktop&#8220; animation_direction=&#8220;left&#8220; locked=&#8220;off&#8220; global_colors_info=&#8220;{}&#8220; animation_style__hover=&#8220;none&#8220; animation_style__hover_enabled=&#8220;none&#8220; animation_repeat__hover=&#8220;once&#8220; animation_repeat__hover_enabled=&#8220;once&#8220; animation_direction__hover=&#8220;center&#8220; animation_direction__hover_enabled=&#8220;center&#8220; animation_duration__hover=&#8220;1000ms&#8220; animation_duration__hover_enabled=&#8220;1000ms&#8220; animation_delay__hover=&#8220;0ms&#8220; animation_delay__hover_enabled=&#8220;0ms&#8220; animation_intensity_slide__hover=&#8220;50%&#8220; animation_intensity_slide__hover_enabled=&#8220;50%&#8220; animation_intensity_zoom__hover=&#8220;50%&#8220; animation_intensity_zoom__hover_enabled=&#8220;50%&#8220; animation_intensity_flip__hover=&#8220;50%&#8220; animation_intensity_flip__hover_enabled=&#8220;50%&#8220; animation_intensity_fold__hover=&#8220;50%&#8220; animation_intensity_fold__hover_enabled=&#8220;50%&#8220; animation_intensity_roll__hover=&#8220;50%&#8220; animation_intensity_roll__hover_enabled=&#8220;50%&#8220; animation_starting_opacity__hover=&#8220;0%&#8220; animation_starting_opacity__hover_enabled=&#8220;0%&#8220; animation_speed_curve__hover=&#8220;ease-in-out&#8220; animation_speed_curve__hover_enabled=&#8220;ease-in-out&#8220; animation__hover=&#8220;top&#8220; animation__hover_enabled=&#8220;top&#8220;]<\/p>\n<p style=\"text-align: justify;\"><strong>Der Kinder und Jugendtreff ist eine Einrichtung der offenen Jugendarbeit der Stadt Ibbenb\u00fcren nach \u00a7 11 SGB VIII. <\/strong><\/p>\n<p style=\"text-align: justify;\"><strong>Unser Konzept richtet sich nach dem Prinzip der Freiwilligkeit, Partizipation, Sozialraumorientierung und Offenheit. <\/strong><\/p>\n<p style=\"text-align: justify;\"><strong>Wir arbeiten kooperativ mit Netzwerkpartnern zusammen und passen unsere Ziele an die Lebenswelt der Kinder an. Unsere Zielgruppe sind Kinder und Jugendliche vom Grundschulalter bis zum 18. Lebensjahr.<\/strong><\/p>\n<p>[\/et_pb_blurb][\/et_pb_column][et_pb_column type=&#8220;1_4&#8243; _builder_version=&#8220;4.4.8&#8243; global_colors_info=&#8220;{}&#8220;][\/et_pb_column][et_pb_column type=&#8220;1_4&#8243; _builder_version=&#8220;4.4.8&#8243; global_colors_info=&#8220;{}&#8220;][\/et_pb_column][\/et_pb_row][\/et_pb_section][et_pb_section fb_built=&#8220;1&#8243; specialty=&#8220;on&#8220; padding_top_bottom_link_1=&#8220;true&#8220; padding_left_right_link_1=&#8220;true&#8220; use_background_color_gradient_1=&#8220;on&#8220; background_color_gradient_start_1=&#8220;rgba(0,18,42,0.03)&#8220; background_color_gradient_end_1=&#8220;rgba(0,18,42,0)&#8220; background_color_gradient_direction_1=&#8220;90deg&#8220; background_color_gradient_start_position_1=&#8220;57%&#8220; padding_top_1=&#8220;60px&#8220; padding_right_1=&#8220;40px&#8220; padding_bottom_1=&#8220;60px&#8220; padding_left_1=&#8220;40px&#8220; admin_label=&#8220;Features&#8220; _builder_version=&#8220;3.22&#8243; custom_padding=&#8220;|0px|0|0px|false|false&#8220; use_custom_width=&#8220;on&#8220; global_colors_info=&#8220;{}&#8220;][et_pb_column type=&#8220;1_2&#8243; _builder_version=&#8220;3.25&#8243; use_background_color_gradient=&#8220;on&#8220; background_color_gradient_start=&#8220;rgba(0,18,42,0.03)&#8220; background_color_gradient_end=&#8220;rgba(0,18,42,0)&#8220; background_color_gradient_direction=&#8220;90deg&#8220; background_color_gradient_start_position=&#8220;57%&#8220; custom_padding=&#8220;|||&#8220; global_colors_info=&#8220;{}&#8220; padding_bottom__hover=&#8220;60px&#8220; padding_left__hover=&#8220;40px&#8220; padding_right__hover=&#8220;40px&#8220; padding_top__hover=&#8220;60px&#8220; parallax__hover=&#8220;off&#8220; parallax_method__hover=&#8220;on&#8220; use_background_color_gradient__hover=&#8220;on&#8220; background_color_gradient_start__hover=&#8220;rgba(0,18,42,0.03)&#8220; background_color_gradient_end__hover=&#8220;rgba(0,18,42,0)&#8220; background_color_gradient_direction__hover=&#8220;90deg&#8220; background_color_gradient_start_position__hover=&#8220;57%&#8220; custom_padding__hover=&#8220;|||&#8220;][et_pb_blurb title=&#8220;Das Team&#8220; use_icon=&#8220;on&#8220; font_icon=&#8220;%%259%%&#8220; icon_color=&#8220;#890024&#8243; icon_placement=&#8220;left&#8220; content_max_width=&#8220;1100px&#8220; _builder_version=&#8220;4.4.8&#8243; header_font=&#8220;Poppins|600|||||||&#8220; header_text_align=&#8220;left&#8220; header_text_color=&#8220;#890024&#8243; header_font_size=&#8220;16px&#8220; header_line_height=&#8220;1.4em&#8220; body_font=&#8220;||||||||&#8220; body_line_height=&#8220;1.8em&#8220; custom_margin=&#8220;||10px||false&#8220; animation_direction=&#8220;left&#8220; locked=&#8220;off&#8220; global_colors_info=&#8220;{}&#8220; animation_style__hover=&#8220;none&#8220; animation_style__hover_enabled=&#8220;none&#8220; animation_repeat__hover=&#8220;once&#8220; animation_repeat__hover_enabled=&#8220;once&#8220; animation_direction__hover=&#8220;center&#8220; animation_direction__hover_enabled=&#8220;center&#8220; animation_duration__hover=&#8220;1000ms&#8220; animation_duration__hover_enabled=&#8220;1000ms&#8220; animation_delay__hover=&#8220;0ms&#8220; animation_delay__hover_enabled=&#8220;0ms&#8220; animation_intensity_slide__hover=&#8220;50%&#8220; animation_intensity_slide__hover_enabled=&#8220;50%&#8220; animation_intensity_zoom__hover=&#8220;50%&#8220; animation_intensity_zoom__hover_enabled=&#8220;50%&#8220; animation_intensity_flip__hover=&#8220;50%&#8220; animation_intensity_flip__hover_enabled=&#8220;50%&#8220; animation_intensity_fold__hover=&#8220;50%&#8220; animation_intensity_fold__hover_enabled=&#8220;50%&#8220; animation_intensity_roll__hover=&#8220;50%&#8220; animation_intensity_roll__hover_enabled=&#8220;50%&#8220; animation_starting_opacity__hover=&#8220;0%&#8220; animation_starting_opacity__hover_enabled=&#8220;0%&#8220; animation_speed_curve__hover=&#8220;ease-in-out&#8220; animation_speed_curve__hover_enabled=&#8220;ease-in-out&#8220; animation__hover=&#8220;top&#8220; animation__hover_enabled=&#8220;top&#8220;]<\/p>\n<p><img loading=\"lazy\" class=\"size-medium wp-image-613 aligncenter\" src=\"http:\/\/jugendtreff-laggenbeck.de\/wp-content\/uploads\/2026\/01\/Eingang3-225x300.jpeg\" alt=\"\" width=\"225\" height=\"300\" srcset=\"https:\/\/jugendtreff-laggenbeck.de\/wp-content\/uploads\/2026\/01\/Eingang3-225x300.jpeg 225w, https:\/\/jugendtreff-laggenbeck.de\/wp-content\/uploads\/2026\/01\/Eingang3.jpeg 240w\" sizes=\"(max-width: 225px) 100vw, 225px\" \/><\/p>\n<p style=\"text-align: center;\">Der F\u00f6rderverein Laggenbeck e.V. ist ein gemeinn\u00fctziger Verein, der uns\u00a0in unserer\u00a0t\u00e4glichen Arbeit unterst\u00fctzt.<\/p>\n<p>[\/et_pb_blurb][et_pb_button button_url=&#8220;#team&#8220; button_text=&#8220;Mehr erfahren&#8220; button_alignment=&#8220;right&#8220; _builder_version=&#8220;4.4.8&#8243; custom_button=&#8220;on&#8220; button_text_size=&#8220;14px&#8220; button_text_color=&#8220;#ff8555&#8243; button_bg_color=&#8220;rgba(0,0,0,0)&#8220; button_border_width=&#8220;0px&#8220; button_letter_spacing=&#8220;1px&#8220; button_font=&#8220;Poppins|600||on|||||&#8220; custom_margin=&#8220;|||96px&#8220; custom_padding=&#8220;0px|0px|0px|0px|true|true&#8220; animation_direction=&#8220;left&#8220; locked=&#8220;off&#8220; global_colors_info=&#8220;{}&#8220;][\/et_pb_button][\/et_pb_column][et_pb_column type=&#8220;1_2&#8243; specialty_columns=&#8220;2&#8243; _builder_version=&#8220;3.25&#8243; custom_padding=&#8220;|||&#8220; global_colors_info=&#8220;{}&#8220; parallax__hover=&#8220;off&#8220; parallax_method__hover=&#8220;on&#8220; custom_padding__hover=&#8220;|||&#8220;][et_pb_row_inner _builder_version=&#8220;4.9.0&#8243; background_color=&#8220;#ffffff&#8220; custom_margin=&#8220;|||0px&#8220; custom_padding=&#8220;40px|40px|40px|40px|true|true&#8220; animation_style=&#8220;slide&#8220; animation_direction=&#8220;bottom&#8220; animation_intensity_slide=&#8220;10%&#8220; link_option_url=&#8220;#&#8220; box_shadow_style=&#8220;preset3&#8243; box_shadow_blur=&#8220;110px&#8220; box_shadow_color=&#8220;rgba(0,0,0,0.1)&#8220; global_colors_info=&#8220;{}&#8220; custom_margin__hover=&#8220;|||10px&#8220; custom_margin__hover_enabled=&#8220;on&#8220;][et_pb_column_inner saved_specialty_column_type=&#8220;1_2&#8243; _builder_version=&#8220;3.25&#8243; custom_padding=&#8220;|||&#8220; global_colors_info=&#8220;{}&#8220; parallax__hover=&#8220;off&#8220; parallax_method__hover=&#8220;on&#8220; custom_padding__hover=&#8220;|||&#8220;][et_pb_blurb title=&#8220;Unser Angebot&#8220; use_icon=&#8220;on&#8220; font_icon=&#8220;%%276%%&#8220; icon_color=&#8220;#890024&#8243; icon_placement=&#8220;left&#8220; content_max_width=&#8220;1100px&#8220; _builder_version=&#8220;4.4.8&#8243; header_font=&#8220;Poppins|600|||||||&#8220; header_text_align=&#8220;left&#8220; header_text_color=&#8220;#890024&#8243; header_font_size=&#8220;16px&#8220; header_line_height=&#8220;1.4em&#8220; body_font=&#8220;||||||||&#8220; body_line_height=&#8220;1.8em&#8220; custom_margin=&#8220;||10px||false&#8220; animation_direction=&#8220;left&#8220; locked=&#8220;off&#8220; global_colors_info=&#8220;{}&#8220; animation_style__hover=&#8220;none&#8220; animation_style__hover_enabled=&#8220;none&#8220; animation_repeat__hover=&#8220;once&#8220; animation_repeat__hover_enabled=&#8220;once&#8220; animation_direction__hover=&#8220;center&#8220; animation_direction__hover_enabled=&#8220;center&#8220; animation_duration__hover=&#8220;1000ms&#8220; animation_duration__hover_enabled=&#8220;1000ms&#8220; animation_delay__hover=&#8220;0ms&#8220; animation_delay__hover_enabled=&#8220;0ms&#8220; animation_intensity_slide__hover=&#8220;50%&#8220; animation_intensity_slide__hover_enabled=&#8220;50%&#8220; animation_intensity_zoom__hover=&#8220;50%&#8220; animation_intensity_zoom__hover_enabled=&#8220;50%&#8220; animation_intensity_flip__hover=&#8220;50%&#8220; animation_intensity_flip__hover_enabled=&#8220;50%&#8220; animation_intensity_fold__hover=&#8220;50%&#8220; animation_intensity_fold__hover_enabled=&#8220;50%&#8220; animation_intensity_roll__hover=&#8220;50%&#8220; animation_intensity_roll__hover_enabled=&#8220;50%&#8220; animation_starting_opacity__hover=&#8220;0%&#8220; animation_starting_opacity__hover_enabled=&#8220;0%&#8220; animation_speed_curve__hover=&#8220;ease-in-out&#8220; animation_speed_curve__hover_enabled=&#8220;ease-in-out&#8220; animation__hover=&#8220;top&#8220; animation__hover_enabled=&#8220;top&#8220;]<\/p>\n<p style=\"text-align: center;\">Wir haben euch einiges zu bieten! Informiere dich jetzt, was du bei uns so anstellen kannst!<\/p>\n<p>[\/et_pb_blurb][et_pb_button button_url=&#8220;#Angebot&#8220; button_text=&#8220;Mehr erfahren&#8220; button_alignment=&#8220;right&#8220; _builder_version=&#8220;4.4.8&#8243; custom_button=&#8220;on&#8220; button_text_size=&#8220;14px&#8220; button_text_color=&#8220;#ff8555&#8243; button_bg_color=&#8220;rgba(0,0,0,0)&#8220; button_border_width=&#8220;0px&#8220; button_letter_spacing=&#8220;1px&#8220; button_font=&#8220;Poppins|600||on|||||&#8220; custom_margin=&#8220;|||96px&#8220; custom_padding=&#8220;0px|0px|0px|0px|true|true&#8220; animation_direction=&#8220;left&#8220; locked=&#8220;off&#8220; global_colors_info=&#8220;{}&#8220;][\/et_pb_button][\/et_pb_column_inner][\/et_pb_row_inner][et_pb_row_inner _builder_version=&#8220;3.25&#8243; background_color=&#8220;#ffffff&#8220; custom_margin=&#8220;-30px|||0px&#8220; custom_margin_tablet=&#8220;0px|||&#8220; custom_margin_phone=&#8220;&#8220; custom_margin_last_edited=&#8220;on|tablet&#8220; custom_padding=&#8220;40px|40px|40px|40px|true|true&#8220; animation_style=&#8220;slide&#8220; animation_direction=&#8220;bottom&#8220; animation_intensity_slide=&#8220;10%&#8220; link_option_url=&#8220;#&#8220; box_shadow_style=&#8220;preset3&#8243; box_shadow_blur=&#8220;110px&#8220; box_shadow_color=&#8220;rgba(0,0,0,0.1)&#8220; global_colors_info=&#8220;{}&#8220; custom_margin__hover_enabled=&#8220;on&#8220; custom_margin__hover=&#8220;|||10px&#8220;][et_pb_column_inner saved_specialty_column_type=&#8220;1_2&#8243; _builder_version=&#8220;3.25&#8243; custom_padding=&#8220;|||&#8220; global_colors_info=&#8220;{}&#8220; parallax__hover=&#8220;off&#8220; parallax_method__hover=&#8220;on&#8220; custom_padding__hover=&#8220;|||&#8220;][et_pb_blurb title=&#8220;F\u00f6rderverein&#8220; use_icon=&#8220;on&#8220; font_icon=&#8220;%%257%%&#8220; icon_color=&#8220;#890024&#8243; icon_placement=&#8220;left&#8220; content_max_width=&#8220;1100px&#8220; _builder_version=&#8220;4.4.8&#8243; header_font=&#8220;Poppins|600|||||||&#8220; header_text_align=&#8220;left&#8220; header_font_size=&#8220;16px&#8220; header_line_height=&#8220;1.4em&#8220; body_font=&#8220;||||||||&#8220; body_line_height=&#8220;1.8em&#8220; text_orientation=&#8220;center&#8220; custom_margin=&#8220;||10px||false&#8220; animation_direction=&#8220;left&#8220; locked=&#8220;off&#8220; global_colors_info=&#8220;{}&#8220; animation_style__hover=&#8220;none&#8220; animation_style__hover_enabled=&#8220;none&#8220; animation_repeat__hover=&#8220;once&#8220; animation_repeat__hover_enabled=&#8220;once&#8220; animation_direction__hover=&#8220;center&#8220; animation_direction__hover_enabled=&#8220;center&#8220; animation_duration__hover=&#8220;1000ms&#8220; animation_duration__hover_enabled=&#8220;1000ms&#8220; animation_delay__hover=&#8220;0ms&#8220; animation_delay__hover_enabled=&#8220;0ms&#8220; animation_intensity_slide__hover=&#8220;50%&#8220; animation_intensity_slide__hover_enabled=&#8220;50%&#8220; animation_intensity_zoom__hover=&#8220;50%&#8220; animation_intensity_zoom__hover_enabled=&#8220;50%&#8220; animation_intensity_flip__hover=&#8220;50%&#8220; animation_intensity_flip__hover_enabled=&#8220;50%&#8220; animation_intensity_fold__hover=&#8220;50%&#8220; animation_intensity_fold__hover_enabled=&#8220;50%&#8220; animation_intensity_roll__hover=&#8220;50%&#8220; animation_intensity_roll__hover_enabled=&#8220;50%&#8220; animation_starting_opacity__hover=&#8220;0%&#8220; animation_starting_opacity__hover_enabled=&#8220;0%&#8220; animation_speed_curve__hover=&#8220;ease-in-out&#8220; animation_speed_curve__hover_enabled=&#8220;ease-in-out&#8220; animation__hover=&#8220;top&#8220; animation__hover_enabled=&#8220;top&#8220;]<\/p>\n<p style=\"text-align: center;\">Der F\u00f6rderverein Laggenbeck e.V. ist ein gemeinn\u00fctziger Verein, der uns\u00a0in unserer\u00a0t\u00e4glichen Arbeit unterst\u00fctzt.<\/p>\n<p>[\/et_pb_blurb][et_pb_button button_url=&#8220;#foerderverein&#8220; button_text=&#8220;Mehr erfahren&#8220; button_alignment=&#8220;right&#8220; _builder_version=&#8220;4.4.8&#8243; custom_button=&#8220;on&#8220; button_text_size=&#8220;14px&#8220; button_text_color=&#8220;#ff8555&#8243; button_bg_color=&#8220;rgba(0,0,0,0)&#8220; button_border_width=&#8220;0px&#8220; button_letter_spacing=&#8220;1px&#8220; button_font=&#8220;Poppins|600||on|||||&#8220; custom_margin=&#8220;|||96px&#8220; custom_padding=&#8220;0px|0px|0px|0px|true|true&#8220; animation_direction=&#8220;left&#8220; locked=&#8220;off&#8220; global_colors_info=&#8220;{}&#8220;][\/et_pb_button][\/et_pb_column_inner][\/et_pb_row_inner][et_pb_row_inner _builder_version=&#8220;3.25&#8243; background_color=&#8220;#ffffff&#8220; custom_margin=&#8220;|||0px&#8220; custom_padding=&#8220;40px|40px|40px|40px|true|true&#8220; animation_style=&#8220;slide&#8220; animation_direction=&#8220;bottom&#8220; animation_intensity_slide=&#8220;10%&#8220; link_option_url=&#8220;#&#8220; box_shadow_style=&#8220;preset3&#8243; box_shadow_blur=&#8220;110px&#8220; box_shadow_color=&#8220;rgba(0,0,0,0.1)&#8220; global_colors_info=&#8220;{}&#8220; custom_margin__hover=&#8220;|||10px&#8220; custom_margin__hover_enabled=&#8220;on&#8220;][et_pb_column_inner saved_specialty_column_type=&#8220;1_2&#8243; _builder_version=&#8220;3.25&#8243; custom_padding=&#8220;|||&#8220; global_colors_info=&#8220;{}&#8220; parallax__hover=&#8220;off&#8220; parallax_method__hover=&#8220;on&#8220; custom_padding__hover=&#8220;|||&#8220;][et_pb_blurb title=&#8220;News&#8220; use_icon=&#8220;on&#8220; font_icon=&#8220;%%92%%&#8220; icon_color=&#8220;#890024&#8243; icon_placement=&#8220;left&#8220; content_max_width=&#8220;1100px&#8220; _builder_version=&#8220;4.4.8&#8243; header_font=&#8220;Poppins|600|||||||&#8220; header_text_align=&#8220;left&#8220; header_font_size=&#8220;16px&#8220; header_line_height=&#8220;1.4em&#8220; body_font=&#8220;||||||||&#8220; body_line_height=&#8220;1.8em&#8220; text_orientation=&#8220;center&#8220; custom_margin=&#8220;||10px||false&#8220; animation_direction=&#8220;left&#8220; link_option_url=&#8220;#&#8220; locked=&#8220;off&#8220; global_colors_info=&#8220;{}&#8220; animation_style__hover=&#8220;none&#8220; animation_style__hover_enabled=&#8220;none&#8220; animation_repeat__hover=&#8220;once&#8220; animation_repeat__hover_enabled=&#8220;once&#8220; animation_direction__hover=&#8220;center&#8220; animation_direction__hover_enabled=&#8220;center&#8220; animation_duration__hover=&#8220;1000ms&#8220; animation_duration__hover_enabled=&#8220;1000ms&#8220; animation_delay__hover=&#8220;0ms&#8220; animation_delay__hover_enabled=&#8220;0ms&#8220; animation_intensity_slide__hover=&#8220;50%&#8220; animation_intensity_slide__hover_enabled=&#8220;50%&#8220; animation_intensity_zoom__hover=&#8220;50%&#8220; animation_intensity_zoom__hover_enabled=&#8220;50%&#8220; animation_intensity_flip__hover=&#8220;50%&#8220; animation_intensity_flip__hover_enabled=&#8220;50%&#8220; animation_intensity_fold__hover=&#8220;50%&#8220; animation_intensity_fold__hover_enabled=&#8220;50%&#8220; animation_intensity_roll__hover=&#8220;50%&#8220; animation_intensity_roll__hover_enabled=&#8220;50%&#8220; animation_starting_opacity__hover=&#8220;0%&#8220; animation_starting_opacity__hover_enabled=&#8220;0%&#8220; animation_speed_curve__hover=&#8220;ease-in-out&#8220; animation_speed_curve__hover_enabled=&#8220;ease-in-out&#8220; animation__hover=&#8220;top&#8220; animation__hover_enabled=&#8220;top&#8220;]<\/p>\n<p style=\"text-align: center;\">Bleibt auf dem Laufenden, was bei uns passiert.<\/p>\n<p>[\/et_pb_blurb][et_pb_button button_url=&#8220;#news&#8220; button_text=&#8220;Mehr erfahren&#8220; button_alignment=&#8220;right&#8220; _builder_version=&#8220;4.4.8&#8243; custom_button=&#8220;on&#8220; button_text_size=&#8220;14px&#8220; button_text_color=&#8220;#ff8555&#8243; button_bg_color=&#8220;rgba(0,0,0,0)&#8220; button_border_width=&#8220;0px&#8220; button_letter_spacing=&#8220;1px&#8220; button_font=&#8220;Poppins|600||on|||||&#8220; custom_margin=&#8220;|||96px&#8220; custom_padding=&#8220;0px|0px|0px|0px|true|true&#8220; animation_direction=&#8220;left&#8220; locked=&#8220;off&#8220; global_colors_info=&#8220;{}&#8220;][\/et_pb_button][\/et_pb_column_inner][\/et_pb_row_inner][\/et_pb_column][\/et_pb_section][et_pb_section fb_built=&#8220;1&#8243; fullwidth=&#8220;on&#8220; module_id=&#8220;news&#8220; _builder_version=&#8220;4.4.8&#8243; top_divider_style=&#8220;asymmetric4&#8243; top_divider_color=&#8220;#ffffff&#8220; global_colors_info=&#8220;{}&#8220;][et_pb_fullwidth_post_slider more_text=&#8220;Weiterlesen&#8220; use_manual_excerpt=&#8220;off&#8220; show_meta=&#8220;off&#8220; bg_overlay_color=&#8220;rgba(255,255,255,0.46)&#8220; _builder_version=&#8220;4.4.8&#8243; background_layout=&#8220;light&#8220; min_height=&#8220;816px&#8220; min_height_tablet=&#8220;743px&#8220; min_height_phone=&#8220;770px&#8220; min_height_last_edited=&#8220;on|phone&#8220; animation_style=&#8220;flip&#8220; scroll_fade=&#8220;0|4|4|51|0|100|100&#8243; motion_trigger_start=&#8220;top&#8220; global_colors_info=&#8220;{}&#8220;][\/et_pb_fullwidth_post_slider][\/et_pb_section][et_pb_section fb_built=&#8220;1&#8243; specialty=&#8220;on&#8220; module_id=&#8220;Angebot&#8220; _builder_version=&#8220;4.9.0&#8243; background_image=&#8220;http:\/\/jugendtreff-laggenbeck.de\/wp-content\/uploads\/2020\/07\/Angebot-neu.jpg&#8220; hover_transition_duration=&#8220;0ms&#8220; hover_transition_speed_curve=&#8220;linear&#8220; scroll_horizontal_motion=&#8220;0|48|48|100|24|0|0&#8243; scroll_fade=&#8220;0|40|40|100|0|100|100&#8243; scroll_scaling=&#8220;0|51|51|100|100%|130%|100%&#8220; scroll_blur=&#8220;27|38|41|47|10|0|0&#8243; scroll_scaling_tablet=&#8220;&#8220; scroll_scaling_phone=&#8220;0|50|50|100|100%|120%|100&#8243; scroll_scaling_last_edited=&#8220;on|tablet&#8220; global_colors_info=&#8220;{}&#8220;][et_pb_column type=&#8220;1_2&#8243; _builder_version=&#8220;3.25&#8243; custom_padding=&#8220;|||&#8220; global_colors_info=&#8220;{}&#8220; custom_padding__hover=&#8220;|||&#8220;][et_pb_text _builder_version=&#8220;4.4.8&#8243; text_text_color=&#8220;#ffffff&#8220; text_font_size=&#8220;35px&#8220; header_font_size=&#8220;100px&#8220; background_layout=&#8220;dark&#8220; global_colors_info=&#8220;{}&#8220;]<\/p>\n<h1>ANGEBOTE<\/h1>\n<p>[\/et_pb_text][\/et_pb_column][et_pb_column type=&#8220;1_2&#8243; specialty_columns=&#8220;2&#8243; _builder_version=&#8220;3.25&#8243; custom_padding=&#8220;|||&#8220; global_colors_info=&#8220;{}&#8220; custom_padding__hover=&#8220;|||&#8220;][et_pb_row_inner column_structure=&#8220;1_2,1_2&#8243; _builder_version=&#8220;4.4.8&#8243; global_colors_info=&#8220;{}&#8220;][et_pb_column_inner type=&#8220;1_2&#8243; saved_specialty_column_type=&#8220;1_2&#8243; _builder_version=&#8220;4.4.8&#8243; global_colors_info=&#8220;{}&#8220;][et_pb_cta title=&#8220;OFFENER TREFF&#8220; button_text=&#8220;Klicks&#8220; _builder_version=&#8220;4.10.7&#8243; header_text_align=&#8220;center&#8220; header_text_color=&#8220;#890024&#8243; header_font_size=&#8220;25px&#8220; background_image=&#8220;http:\/\/jugendtreff-laggenbeck.de\/wp-content\/uploads\/2025\/09\/Offener-Treff1.jpg&#8220; module_alignment=&#8220;center&#8220; min_height=&#8220;189px&#8220; custom_margin=&#8220;||||false|false&#8220; custom_padding=&#8220;65px||0px||false|false&#8220; link_option_url=&#8220;#offenertreff&#8220; header_text_shadow_style=&#8220;preset1&#8243; header_text_shadow_vertical_length=&#8220;0.01em&#8220; header_text_shadow_blur_strength=&#8220;0.22em&#8220; header_text_shadow_color=&#8220;#ffffff&#8220; box_shadow_style=&#8220;preset3&#8243; global_colors_info=&#8220;{}&#8220;][\/et_pb_cta][\/et_pb_column_inner][et_pb_column_inner type=&#8220;1_2&#8243; saved_specialty_column_type=&#8220;1_2&#8243; _builder_version=&#8220;4.4.8&#8243; global_colors_info=&#8220;{}&#8220;][et_pb_cta title=&#8220;KIDS ON TOUR&#8220; _builder_version=&#8220;4.4.8&#8243; header_text_align=&#8220;center&#8220; header_text_color=&#8220;#890024&#8243; header_font_size=&#8220;25px&#8220; background_image=&#8220;http:\/\/jugendtreff-laggenbeck.de\/wp-content\/uploads\/2020\/07\/kids.jpg&#8220; module_alignment=&#8220;center&#8220; min_height=&#8220;189px&#8220; custom_margin=&#8220;||||false|false&#8220; custom_padding=&#8220;65px||0px||false|false&#8220; link_option_url=&#8220;#kidsontour&#8220; header_text_shadow_style=&#8220;preset1&#8243; header_text_shadow_vertical_length=&#8220;0.01em&#8220; header_text_shadow_blur_strength=&#8220;0.22em&#8220; header_text_shadow_color=&#8220;#ffffff&#8220; box_shadow_style=&#8220;preset3&#8243; global_colors_info=&#8220;{}&#8220;][\/et_pb_cta][\/et_pb_column_inner][\/et_pb_row_inner][et_pb_row_inner column_structure=&#8220;1_2,1_2&#8243; _builder_version=&#8220;4.4.8&#8243; global_colors_info=&#8220;{}&#8220;][et_pb_column_inner type=&#8220;1_2&#8243; saved_specialty_column_type=&#8220;1_2&#8243; _builder_version=&#8220;4.4.8&#8243; global_colors_info=&#8220;{}&#8220;][et_pb_cta title=&#8220;KIDSTREFF&#8220; button_url=&#8220;#kidstreff&#8220; _builder_version=&#8220;4.10.7&#8243; header_text_align=&#8220;center&#8220; header_text_color=&#8220;#890024&#8243; header_font_size=&#8220;25px&#8220; background_image=&#8220;http:\/\/jugendtreff-laggenbeck.de\/wp-content\/uploads\/2025\/09\/Kidstreff1.jpg&#8220; module_alignment=&#8220;center&#8220; min_height=&#8220;189px&#8220; custom_margin=&#8220;||||false|false&#8220; custom_padding=&#8220;65px||0px||false|false&#8220; link_option_url=&#8220;#kidstreff&#8220; header_text_shadow_style=&#8220;preset1&#8243; header_text_shadow_vertical_length=&#8220;0.01em&#8220; header_text_shadow_blur_strength=&#8220;0.22em&#8220; header_text_shadow_color=&#8220;#ffffff&#8220; box_shadow_style=&#8220;preset3&#8243; global_colors_info=&#8220;{}&#8220;][\/et_pb_cta][\/et_pb_column_inner][et_pb_column_inner type=&#8220;1_2&#8243; saved_specialty_column_type=&#8220;1_2&#8243; _builder_version=&#8220;4.4.8&#8243; global_colors_info=&#8220;{}&#8220;][\/et_pb_column_inner][\/et_pb_row_inner][\/et_pb_column][\/et_pb_section][et_pb_section fb_built=&#8220;1&#8243; specialty=&#8220;on&#8220; module_id=&#8220;offenertreff&#8220; _builder_version=&#8220;4.4.8&#8243; inner_width=&#8220;100%&#8220; custom_margin=&#8220;0px||-1px||false|false&#8220; custom_padding=&#8220;25px||0px||false|false&#8220; scroll_scaling_enable=&#8220;on&#8220; box_shadow_style=&#8220;preset2&#8243; global_colors_info=&#8220;{}&#8220; transform_styles__hover_enabled=&#8220;off|desktop&#8220; transform_scale__hover_enabled=&#8220;off|desktop&#8220; transform_translate__hover_enabled=&#8220;off|desktop&#8220; transform_rotate__hover_enabled=&#8220;off|desktop&#8220; transform_skew__hover_enabled=&#8220;off|desktop&#8220; transform_origin__hover_enabled=&#8220;off|desktop&#8220; transform_scale__hover=&#8220;115%|115%&#8220;][et_pb_column type=&#8220;1_4&#8243; _builder_version=&#8220;3.25&#8243; custom_padding=&#8220;|||&#8220; global_colors_info=&#8220;{}&#8220; custom_padding__hover=&#8220;|||&#8220;][et_pb_text _builder_version=&#8220;4.4.8&#8243; header_font_size=&#8220;47px&#8220; background_color=&#8220;#f1ac95&#8243; transform_scale_tablet=&#8220;&#8220; transform_scale_phone=&#8220;&#8220; transform_scale_last_edited=&#8220;on|phone&#8220; transform_translate_tablet=&#8220;&#8220; transform_translate_phone=&#8220;&#8220; transform_translate_last_edited=&#8220;on|desktop&#8220; transform_rotate_tablet=&#8220;&#8220; transform_rotate_phone=&#8220;0deg|0deg|0deg&#8220; transform_rotate_last_edited=&#8220;on|desktop&#8220; transform_skew_tablet=&#8220;&#8220; transform_skew_phone=&#8220;&#8220; transform_skew_last_edited=&#8220;on|desktop&#8220; transform_origin_tablet=&#8220;&#8220; transform_origin_phone=&#8220;&#8220; transform_origin_last_edited=&#8220;on|desktop&#8220; transform_styles_last_edited=&#8220;on|phone&#8220; width=&#8220;100%&#8220; max_width=&#8220;100%&#8220; custom_margin=&#8220;82px||||false|false&#8220; transform_styles_tablet=&#8220;&#8220; transform_styles_phone=&#8220;&#8220; global_colors_info=&#8220;{}&#8220;]<\/p>\n<h1 style=\"text-align: center;\">OFFENER TREFF<\/h1>\n<p>[\/et_pb_text][\/et_pb_column][et_pb_column type=&#8220;3_4&#8243; specialty_columns=&#8220;3&#8243; _builder_version=&#8220;3.25&#8243; custom_padding=&#8220;|||&#8220; global_colors_info=&#8220;{}&#8220; custom_padding__hover=&#8220;|||&#8220;][et_pb_row_inner _builder_version=&#8220;4.4.8&#8243; custom_padding=&#8220;3px|||||&#8220; global_colors_info=&#8220;{}&#8220;][et_pb_column_inner saved_specialty_column_type=&#8220;3_4&#8243; _builder_version=&#8220;4.4.8&#8243; global_colors_info=&#8220;{}&#8220;][et_pb_gallery gallery_ids=&#8220;593,585,592&#8243; fullwidth=&#8220;on&#8220; _builder_version=&#8220;4.10.7&#8243; hover_enabled=&#8220;0&#8243; global_colors_info=&#8220;{}&#8220; sticky_enabled=&#8220;0&#8243;][\/et_pb_gallery][\/et_pb_column_inner][\/et_pb_row_inner][et_pb_row_inner _builder_version=&#8220;4.4.8&#8243; custom_margin=&#8220;-12px|||||&#8220; global_colors_info=&#8220;{}&#8220;][et_pb_column_inner saved_specialty_column_type=&#8220;3_4&#8243; _builder_version=&#8220;4.4.8&#8243; global_colors_info=&#8220;{}&#8220;][et_pb_text _builder_version=&#8220;4.4.8&#8243; custom_margin=&#8220;-30px||||false|false&#8220; custom_padding=&#8220;|50px|0px|30px|false|false&#8220; global_colors_info=&#8220;{}&#8220;]<\/p>\n<p style=\"text-align: justify;\"><strong>Der offene Treff ist f\u00fcr Jugendliche und Heranwachsende ab der f\u00fcnften Klasse. Hier k\u00f6nnt ihr Billard spielen, Kickern, euch an Spielekonsolen (Playstation und Wii) austoben, Spiele spielen, Quatschen, euch mit Freunden Treffen, und vieles mehr. Wir helfen euch bei Bewerbungen, Hausaufgaben und stehen euch mit Rat und Tat zur Seite! Die Teammitglieder haben immer ein offenes Ohr f\u00fcr dich und deine Anliegen und versuchen dir weiter zu helfen!<\/strong><\/p>\n<p style=\"text-align: justify;\"><strong>Wie ihr die Zeit im Jugendtreff verbringen m\u00f6chtet, ob ihr etwas ver\u00e4ndern oder anders haben m\u00f6chtet, ihr gerne mal etwas bestimmtes mit uns unternehmen wollt, ist euch \u00fcberlassen. Gerne gehen wir mit euch in den Austausch \u00fcber eure W\u00fcnsche und Vorstellungen!<\/strong><\/p>\n<p>[\/et_pb_text][\/et_pb_column_inner][\/et_pb_row_inner][\/et_pb_column][\/et_pb_section][et_pb_section fb_built=&#8220;1&#8243; specialty=&#8220;on&#8220; module_id=&#8220;kidsontour&#8220; _builder_version=&#8220;4.4.8&#8243; background_color=&#8220;#890024&#8243; inner_width=&#8220;100%&#8220; custom_margin=&#8220;0px||-1px||false|false&#8220; custom_padding=&#8220;0px||0px||false|false&#8220; scroll_scaling=&#8220;0|50|50|100|70|100|100%&#8220; locked=&#8220;off&#8220; global_colors_info=&#8220;{}&#8220;][et_pb_column type=&#8220;1_4&#8243; _builder_version=&#8220;3.25&#8243; custom_padding=&#8220;|||&#8220; global_colors_info=&#8220;{}&#8220; custom_padding__hover=&#8220;|||&#8220;][et_pb_text _builder_version=&#8220;4.4.8&#8243; header_font_size=&#8220;47px&#8220; background_color=&#8220;#f1ac95&#8243; transform_rotate_tablet=&#8220;&#8220; transform_rotate_phone=&#8220;0deg|0deg|0deg&#8220; transform_rotate_last_edited=&#8220;on|desktop&#8220; width=&#8220;100%&#8220; max_width=&#8220;100%&#8220; min_height=&#8220;95px&#8220; custom_margin=&#8220;82px||||false|false&#8220; custom_padding=&#8220;7px|||||&#8220; global_colors_info=&#8220;{}&#8220;]<\/p>\n<h1 style=\"text-align: center;\">KIDS<\/h1>\n<h1 style=\"text-align: center;\">ON TOUR<\/h1>\n<p>[\/et_pb_text][\/et_pb_column][et_pb_column type=&#8220;3_4&#8243; specialty_columns=&#8220;3&#8243; _builder_version=&#8220;3.25&#8243; custom_padding=&#8220;|||&#8220; global_colors_info=&#8220;{}&#8220; custom_padding__hover=&#8220;|||&#8220;][et_pb_row_inner _builder_version=&#8220;4.4.8&#8243; global_colors_info=&#8220;{}&#8220;][et_pb_column_inner saved_specialty_column_type=&#8220;3_4&#8243; _builder_version=&#8220;4.4.8&#8243; global_colors_info=&#8220;{}&#8220;][et_pb_gallery gallery_ids=&#8220;119&#8243; fullwidth=&#8220;on&#8220; _builder_version=&#8220;4.4.8&#8243; min_height=&#8220;629px&#8220; global_colors_info=&#8220;{}&#8220;][\/et_pb_gallery][et_pb_text _builder_version=&#8220;4.4.8&#8243; background_layout=&#8220;dark&#8220; min_height=&#8220;145px&#8220; custom_margin=&#8220;-30px||||false|false&#8220; custom_padding=&#8220;|50px|0px|30px|false|false&#8220; global_colors_info=&#8220;{}&#8220;]<\/p>\n<p><strong>Kids on Tour ist ein neues Angebot f\u00fcr Kinder in der Grundschule. Bei Kids on Tour unternehmen wir immer an einem Samstag im Monat besondere Aktionen oder Ausfl\u00fcge. Bei Ausfl\u00fcgen bem\u00fchen wir uns, der Umwelt zuliebe, \u00f6ffentliche Verkehrsmittel zu nutzen. Die Dauer ist von der jeweiligen Aktion abh\u00e4ngig.<\/strong><\/p>\n<p><strong>Da die Anzahl der Pl\u00e4tze nur begrenzt ist, ist eine Anmeldung unbedingt notwendig. Wenn ihr Kind eine Zugfahrkarte oder sonstige Verg\u00fcnstigungen hat, k\u00f6nnen Sie das gerne mit angeben. Wenn es Ihnen schwerf\u00e4llt den Betrag aufzubringen, dann sprechen Sie uns gerne an.<\/strong><\/p>\n<p>[\/et_pb_text][et_pb_button button_url=&#8220;@ET-DC@eyJkeW5hbWljIjp0cnVlLCJjb250ZW50IjoicG9zdF9saW5rX3VybF9wYWdlIiwic2V0dGluZ3MiOnsicG9zdF9pZCI6IjI4MCJ9fQ==@&#8220; button_text=&#8220;Jetzt anmelden!&#8220; button_alignment=&#8220;center&#8220; _builder_version=&#8220;4.9.0&#8243; _dynamic_attributes=&#8220;button_url&#8220; _module_preset=&#8220;default&#8220; global_colors_info=&#8220;{}&#8220;][\/et_pb_button][\/et_pb_column_inner][\/et_pb_row_inner][\/et_pb_column][\/et_pb_section][et_pb_section fb_built=&#8220;1&#8243; specialty=&#8220;on&#8220; padding_top_bottom_link_1=&#8220;false&#8220; padding_left_right_link_1=&#8220;false&#8220; padding_bottom_1=&#8220;0px&#8220; module_id=&#8220;kidstreff&#8220; _builder_version=&#8220;4.9.0&#8243; inner_width=&#8220;100%&#8220; min_height=&#8220;793px&#8220; custom_margin=&#8220;0px||0px||false|false&#8220; custom_padding=&#8220;42px||0px||false|false&#8220; box_shadow_style=&#8220;preset2&#8243; global_colors_info=&#8220;{}&#8220;][et_pb_column type=&#8220;1_4&#8243; _builder_version=&#8220;3.25&#8243; custom_padding=&#8220;|||&#8220; global_colors_info=&#8220;{}&#8220; custom_padding__hover=&#8220;|||&#8220;][et_pb_text _builder_version=&#8220;4.9.0&#8243; header_font_size=&#8220;47px&#8220; background_color=&#8220;#f1ac95&#8243; transform_rotate_tablet=&#8220;&#8220; transform_rotate_phone=&#8220;0deg|0deg|0deg&#8220; transform_rotate_last_edited=&#8220;on|desktop&#8220; width=&#8220;100%&#8220; max_width=&#8220;100%&#8220; custom_margin=&#8220;82px||||false|false&#8220; custom_padding=&#8220;10px|||||&#8220; global_colors_info=&#8220;{}&#8220;]<\/p>\n<h1 style=\"text-align: center;\">KIDSTREFF<\/h1>\n<p>[\/et_pb_text][\/et_pb_column][et_pb_column type=&#8220;3_4&#8243; specialty_columns=&#8220;3&#8243; _builder_version=&#8220;3.25&#8243; custom_padding=&#8220;|||&#8220; global_colors_info=&#8220;{}&#8220; custom_padding__hover=&#8220;|||&#8220;][et_pb_row_inner _builder_version=&#8220;4.4.8&#8243; global_colors_info=&#8220;{}&#8220;][et_pb_column_inner saved_specialty_column_type=&#8220;3_4&#8243; _builder_version=&#8220;4.4.8&#8243; global_colors_info=&#8220;{}&#8220;][et_pb_gallery gallery_ids=&#8220;259&#8243; fullwidth=&#8220;on&#8220; _builder_version=&#8220;4.9.0&#8243; global_colors_info=&#8220;{}&#8220;][\/et_pb_gallery][et_pb_text _builder_version=&#8220;4.9.0&#8243; custom_margin=&#8220;-30px||||false|false&#8220; custom_padding=&#8220;15px|50px|0px|30px|false|false&#8220; global_colors_info=&#8220;{}&#8220;]<\/p>\n<p>Der Kidstreff ist ein Angebot f\u00fcr Kinder im Grundschulalter. Jeder, der Spa\u00df hat am Basteln\/ Backen\/ Spielen\/ und gemeinsame Zeit mit anderen Kids verbringen, ist herzlich eingeladen.<\/p>\n<p>Da die Pl\u00e4tze begrenzt sind, ist eine Anmeldung unbedingt notwendig.<\/p>\n<p>[\/et_pb_text][et_pb_button button_url=&#8220;@ET-DC@eyJkeW5hbWljIjp0cnVlLCJjb250ZW50IjoicG9zdF9saW5rX3VybF9wYWdlIiwic2V0dGluZ3MiOnsicG9zdF9pZCI6IjI4MCJ9fQ==@&#8220; button_text=&#8220;Jetzt anmelden!&#8220; button_alignment=&#8220;center&#8220; _builder_version=&#8220;4.9.0&#8243; _dynamic_attributes=&#8220;button_url&#8220; _module_preset=&#8220;default&#8220; global_colors_info=&#8220;{}&#8220;][\/et_pb_button][\/et_pb_column_inner][\/et_pb_row_inner][\/et_pb_column][\/et_pb_section][et_pb_section fb_built=&#8220;1&#8243; fullwidth=&#8220;on&#8220; module_id=&#8220;foerderverein&#8220; _builder_version=&#8220;4.4.8&#8243; top_divider_style=&#8220;slant2&#8243; top_divider_color=&#8220;#890024&#8243; bottom_divider_style=&#8220;mountains&#8220; bottom_divider_color=&#8220;#ffffff&#8220; scroll_scaling_enable=&#8220;on&#8220; motion_trigger_start=&#8220;top&#8220; global_colors_info=&#8220;{}&#8220;][et_pb_fullwidth_header title=&#8220;F\u00f6rderverein Laggenbeck e.V.&#8220; background_overlay_color=&#8220;rgba(0,0,0,0)&#8220; _builder_version=&#8220;4.10.7&#8243; background_image=&#8220;http:\/\/jugendtreff-laggenbeck.de\/wp-content\/uploads\/2020\/07\/support.jpg&#8220; background_layout=&#8220;light&#8220; height=&#8220;888px&#8220; global_colors_info=&#8220;{}&#8220;]<\/p>\n<div>\n<p>Der F\u00f6rderverein Laggenbeck e.V. ist ein gemeinn\u00fctziger Verein, der es dem Jugendtreff erm\u00f6glicht Spenden anzunehmen und die Kinder und Jugendlichen bei Aktivit\u00e4ten und Ausfl\u00fcgen finanziell zu unterst\u00fctzen. Unser Ziel ist es besonders Kinder und Jugendliche aus finanziell prek\u00e4r aufgestellten Familien zu unterst\u00fctzen, und mit ihnen Erlebnisse zu haben, an die sie sich gerne erinnern.<\/p>\n<\/div>\n<div>\n<p><strong>Werden Sie Mitglied im F\u00f6rderverein Laggenbeck e.V. (FJL)<\/strong><\/p>\n<p>Wir freuen uns dar\u00fcber hinaus jederzeit \u00fcber Sachspenden. Falls Sie uns und unsere Jugendarbeit unterst\u00fctzen wollen, k\u00f6nnen Sie uns diese gerne auf folgendes Konto \u00fcberweisen:<\/p>\n<p><strong>IBAN: DE73 4036 1906 0013 1211 00<\/strong><\/p>\n<\/div>\n<p>[\/et_pb_fullwidth_header][\/et_pb_section][et_pb_section fb_built=&#8220;1&#8243; module_id=&#8220;team&#8220; _builder_version=&#8220;4.4.8&#8243; custom_padding=&#8220;3px||0px|||&#8220; global_colors_info=&#8220;{}&#8220;][et_pb_row column_structure=&#8220;1_3,1_3,1_3&#8243; _builder_version=&#8220;4.4.8&#8243; custom_margin=&#8220;|auto||0px|false|false&#8220; global_colors_info=&#8220;{}&#8220;][et_pb_column type=&#8220;1_3&#8243; _builder_version=&#8220;4.4.8&#8243; global_colors_info=&#8220;{}&#8220;][et_pb_text module_id=&#8220;team&#8220; _builder_version=&#8220;4.4.8&#8243; header_font_size=&#8220;47px&#8220; background_color=&#8220;#f1ac95&#8243; transform_rotate_tablet=&#8220;&#8220; transform_rotate_phone=&#8220;0deg|0deg|0deg&#8220; transform_rotate_last_edited=&#8220;on|desktop&#8220; width=&#8220;100%&#8220; max_width=&#8220;100%&#8220; custom_margin=&#8220;-1px||||false|false&#8220; global_colors_info=&#8220;{}&#8220;]<\/p>\n<h1 style=\"text-align: center;\">Das Team<\/h1>\n<p>[\/et_pb_text][\/et_pb_column][et_pb_column type=&#8220;1_3&#8243; _builder_version=&#8220;4.4.8&#8243; global_colors_info=&#8220;{}&#8220;][\/et_pb_column][et_pb_column type=&#8220;1_3&#8243; _builder_version=&#8220;4.4.8&#8243; global_colors_info=&#8220;{}&#8220;][\/et_pb_column][\/et_pb_row][et_pb_row column_structure=&#8220;1_4,1_4,1_4,1_4&#8243; _builder_version=&#8220;4.4.8&#8243; global_colors_info=&#8220;{}&#8220;][et_pb_column type=&#8220;1_4&#8243; _builder_version=&#8220;4.4.8&#8243; global_colors_info=&#8220;{}&#8220;][et_pb_blurb title=&#8220;Karina Hackmann&#8220; use_icon=&#8220;on&#8220; font_icon=&#8220;%%258%%&#8220; _builder_version=&#8220;4.10.7&#8243; header_text_align=&#8220;center&#8220; text_orientation=&#8220;center&#8220; global_colors_info=&#8220;{}&#8220;]<\/p>\n<p><strong>P\u00e4dagogische Leitung<\/strong><\/p>\n<div>Sozialp\u00e4dagogin,<\/div>\n<div>Systhemische Familienberaterin<\/div>\n<p>[\/et_pb_blurb][\/et_pb_column][et_pb_column type=&#8220;1_4&#8243; _builder_version=&#8220;4.4.8&#8243; global_colors_info=&#8220;{}&#8220;][et_pb_blurb title=&#8220;Tobias Roth&#8220; use_icon=&#8220;on&#8220; font_icon=&#8220;%%258%%&#8220; _builder_version=&#8220;4.4.8&#8243; header_text_align=&#8220;center&#8220; text_orientation=&#8220;center&#8220; global_colors_info=&#8220;{}&#8220;]<\/p>\n<p>Honorarkraft, Erzieher,\u00a0<span style=\"font-size: 14px;\">Student Sozialp\u00e4dagogik<\/span><\/p>\n<p>[\/et_pb_blurb][\/et_pb_column][et_pb_column type=&#8220;1_4&#8243; _builder_version=&#8220;4.4.8&#8243; global_colors_info=&#8220;{}&#8220;][et_pb_blurb title=&#8220;Sarah Burghardt&#8220; use_icon=&#8220;on&#8220; font_icon=&#8220;%%258%%&#8220; _builder_version=&#8220;4.4.8&#8243; header_text_align=&#8220;center&#8220; text_orientation=&#8220;center&#8220; global_colors_info=&#8220;{}&#8220;]<\/p>\n<p>Ehrenamtliche, Sch\u00fclerin<\/p>\n<p>[\/et_pb_blurb][\/et_pb_column][et_pb_column type=&#8220;1_4&#8243; _builder_version=&#8220;4.4.8&#8243; global_colors_info=&#8220;{}&#8220;][\/et_pb_column][\/et_pb_row][et_pb_row column_structure=&#8220;1_3,1_3,1_3&#8243; _builder_version=&#8220;4.4.8&#8243; custom_margin=&#8220;|auto||0px|false|false&#8220; global_colors_info=&#8220;{}&#8220;][et_pb_column type=&#8220;1_3&#8243; _builder_version=&#8220;4.4.8&#8243; global_colors_info=&#8220;{}&#8220;][et_pb_text module_id=&#8220;kontakt&#8220; _builder_version=&#8220;4.4.8&#8243; header_font_size=&#8220;47px&#8220; background_color=&#8220;#f1ac95&#8243; transform_rotate_tablet=&#8220;&#8220; transform_rotate_phone=&#8220;0deg|0deg|0deg&#8220; transform_rotate_last_edited=&#8220;on|desktop&#8220; width=&#8220;100%&#8220; max_width=&#8220;100%&#8220; custom_margin=&#8220;-1px||||false|false&#8220; global_colors_info=&#8220;{}&#8220;]<\/p>\n<h1 style=\"text-align: center;\">Kontakt<\/h1>\n<p>[\/et_pb_text][\/et_pb_column][et_pb_column type=&#8220;1_3&#8243; _builder_version=&#8220;4.4.8&#8243; global_colors_info=&#8220;{}&#8220;][\/et_pb_column][et_pb_column type=&#8220;1_3&#8243; _builder_version=&#8220;4.4.8&#8243; global_colors_info=&#8220;{}&#8220;][\/et_pb_column][\/et_pb_row][\/et_pb_section][et_pb_section fb_built=&#8220;1&#8243; specialty=&#8220;on&#8220; _builder_version=&#8220;4.4.8&#8243; custom_padding=&#8220;4px|||||&#8220; global_colors_info=&#8220;{}&#8220;][et_pb_column type=&#8220;1_2&#8243; specialty_columns=&#8220;2&#8243; _builder_version=&#8220;3.25&#8243; custom_padding=&#8220;|||&#8220; global_colors_info=&#8220;{}&#8220; custom_padding__hover=&#8220;|||&#8220;][et_pb_row_inner column_structure=&#8220;1_2,1_2&#8243; _builder_version=&#8220;4.4.8&#8243; global_colors_info=&#8220;{}&#8220;][et_pb_column_inner type=&#8220;1_2&#8243; saved_specialty_column_type=&#8220;1_2&#8243; _builder_version=&#8220;4.4.8&#8243; global_colors_info=&#8220;{}&#8220;][et_pb_blurb title=&#8220;Adresse&#8220; use_icon=&#8220;on&#8220; font_icon=&#8220;%%249%%&#8220; icon_color=&#8220;#890024&#8243; icon_placement=&#8220;left&#8220; _builder_version=&#8220;4.4.8&#8243; global_colors_info=&#8220;{}&#8220;]<\/p>\n<p><strong>Kinder- &amp; Jugendtreff Laggenbeck<\/strong><br \/>\nMettinger Str. 56<br \/>\n49479 Ibbenb\u00fcren<\/p>\n<p>[\/et_pb_blurb][\/et_pb_column_inner][et_pb_column_inner type=&#8220;1_2&#8243; saved_specialty_column_type=&#8220;1_2&#8243; _builder_version=&#8220;4.4.8&#8243; global_colors_info=&#8220;{}&#8220;][et_pb_blurb title=&#8220;Telefon&#8220; use_icon=&#8220;on&#8220; font_icon=&#8220;%%264%%&#8220; icon_color=&#8220;#890024&#8243; icon_placement=&#8220;left&#8220; _builder_version=&#8220;4.4.8&#8243; global_colors_info=&#8220;{}&#8220;]<\/p>\n<p><strong>05451- 897329<\/strong><\/p>\n<p>[\/et_pb_blurb][\/et_pb_column_inner][\/et_pb_row_inner][et_pb_row_inner column_structure=&#8220;1_2,1_2&#8243; _builder_version=&#8220;4.4.8&#8243; custom_padding=&#8220;||51px|||&#8220; global_colors_info=&#8220;{}&#8220;][et_pb_column_inner type=&#8220;1_2&#8243; saved_specialty_column_type=&#8220;1_2&#8243; _builder_version=&#8220;4.4.8&#8243; global_colors_info=&#8220;{}&#8220;][et_pb_blurb title=&#8220;Email&#8220; use_icon=&#8220;on&#8220; font_icon=&#8220;%%238%%&#8220; icon_color=&#8220;#890024&#8243; icon_placement=&#8220;left&#8220; _builder_version=&#8220;4.4.8&#8243; global_colors_info=&#8220;{}&#8220;]<\/p>\n<p><strong><a href=\"mailto:jugendtreff-laggenbeck@ibbenbueren.de\">jugendtreff-laggenbeck@ibbenbueren.de<\/a><\/strong><\/p>\n<p>[\/et_pb_blurb][\/et_pb_column_inner][et_pb_column_inner type=&#8220;1_2&#8243; saved_specialty_column_type=&#8220;1_2&#8243; _builder_version=&#8220;4.4.8&#8243; global_colors_info=&#8220;{}&#8220;][et_pb_blurb title=&#8220;Social Media&#8220; use_icon=&#8220;on&#8220; font_icon=&#8220;%%238%%&#8220; icon_color=&#8220;#890024&#8243; icon_placement=&#8220;left&#8220; _builder_version=&#8220;4.4.8&#8243; global_colors_info=&#8220;{}&#8220;]<\/p>\n<p><strong><a href=\"https:\/\/www.facebook.com\/kuj.laggenbeck\/\" target=\"_blank\" rel=\"noopener noreferrer\">Facebook<\/a><\/strong><br \/>\n<strong><a href=\"https:\/\/www.instagram.com\/jugendtrefflaggenbeck\/\" target=\"_blank\" rel=\"noopener noreferrer\">Instagram<\/a><\/strong><\/p>\n<p>[\/et_pb_blurb][\/et_pb_column_inner][\/et_pb_row_inner][\/et_pb_column][et_pb_column type=&#8220;1_2&#8243; _builder_version=&#8220;3.25&#8243; custom_padding=&#8220;|||&#8220; global_colors_info=&#8220;{}&#8220; custom_padding__hover=&#8220;|||&#8220;][et_pb_text _builder_version=&#8220;4.4.8&#8243; global_colors_info=&#8220;{}&#8220;]<\/p>\n<div id=\"wpgmza_map\" class=\"wpgmza_map\" data-settings='{\"id\":\"1\",\"map_title\":\"Adresse\",\"map_width\":\"100\",\"map_height\":\"400\",\"map_start_lat\":\"52.267476\",\"map_start_lng\":\"7.788665\",\"map_start_location\":\"52.26747649612565,7.788664994419383\",\"map_start_zoom\":\"18\",\"default_marker\":\"0\",\"type\":\"1\",\"alignment\":\"2\",\"directions_enabled\":\"1\",\"styling_enabled\":\"0\",\"styling_json\":\"\",\"active\":\"0\",\"kml\":\"\",\"bicycle\":\"0\",\"traffic\":\"0\",\"dbox\":\"1\",\"dbox_width\":\"100\",\"listmarkers\":\"0\",\"listmarkers_advanced\":\"0\",\"filterbycat\":\"0\",\"ugm_enabled\":\"0\",\"ugm_category_enabled\":\"0\",\"fusion\":\"\",\"map_width_type\":\"\\\\%\",\"map_height_type\":\"px\",\"mass_marker_support\":\"1\",\"ugm_access\":\"0\",\"order_markers_by\":\"1\",\"order_markers_choice\":\"2\",\"show_user_location\":\"0\",\"default_to\":\"\",\"other_settings\":{\"store_locator_enabled\":2,\"store_locator_distance\":2,\"store_locator_default_radius\":10,\"store_locator_not_found_message\":\"No results found in this location. Please try again.\",\"store_locator_bounce\":1,\"store_locator_query_string\":\"ZIP \\\/ Address:\",\"store_locator_default_address\":\"\",\"wpgmza_store_locator_restrict\":\"\",\"wpgmza_store_locator_radius_style\":\"modern\",\"map_max_zoom\":\"1\",\"transport_layer\":0,\"wpgmza_show_points_of_interest\":0,\"wpgmza_auto_night\":0}}' data-map-id='1' Data-maps-engine='open-layers' data-shortcode-attributes='{\"id\":\"1\"}' style=\"display:block; overflow:auto; width:100%; height:400px; float:left;\"><\/div>\n<p>[\/et_pb_text][\/et_pb_column][\/et_pb_section][et_pb_section fb_built=&#8220;1&#8243; _builder_version=&#8220;4.9.0&#8243; _module_preset=&#8220;default&#8220; global_colors_info=&#8220;{}&#8220;][et_pb_row _builder_version=&#8220;4.9.0&#8243; _module_preset=&#8220;default&#8220; global_colors_info=&#8220;{}&#8220;][et_pb_column type=&#8220;4_4&#8243; _builder_version=&#8220;4.9.0&#8243; _module_preset=&#8220;default&#8220; global_colors_info=&#8220;{}&#8220;][et_pb_blurb title=&#8220;\u00d6ffnungszeiten&#8220; use_icon=&#8220;on&#8220; font_icon=&#8220;%%249%%&#8220; icon_color=&#8220;#890024&#8243; icon_placement=&#8220;left&#8220; _builder_version=&#8220;4.9.0&#8243; transform_scale=&#8220;102%|102%&#8220; transform_translate=&#8220;-246px|-1px&#8220; transform_translate_linked=&#8220;off&#8220; global_colors_info=&#8220;{}&#8220;][\/et_pb_blurb][et_pb_image src=&#8220;http:\/\/jugendtreff-laggenbeck.de\/wp-content\/uploads\/2025\/09\/Kidstreff-5.jpg&#8220; title_text=&#8220;Kidstreff (5)&#8220; _builder_version=&#8220;4.10.7&#8243; _module_preset=&#8220;default&#8220; global_colors_info=&#8220;{}&#8220;][\/et_pb_image][\/et_pb_column][\/et_pb_row][\/et_pb_section]<\/p>\n","protected":false},"excerpt":{"rendered":"<p>Der Kinder und Jugendtreff ist eine Einrichtung der offenen Jugendarbeit der Stadt Ibbenb\u00fcren nach \u00a7 11 SGB VIII. Unser Konzept richtet sich nach dem Prinzip der Freiwilligkeit, Partizipation, Sozialraumorientierung und Offenheit. Wir arbeiten kooperativ mit Netzwerkpartnern zusammen und passen unsere Ziele an die Lebenswelt der Kinder an. Unsere Zielgruppe sind Kinder und Jugendliche vom Grundschulalter [&hellip;]<\/p>\n","protected":false},"author":1,"featured_media":0,"parent":0,"menu_order":0,"comment_status":"closed","ping_status":"closed","template":"","meta":{"_et_pb_use_builder":"on","_et_pb_old_content":"","_et_gb_content_width":""},"_links":{"self":[{"href":"https:\/\/jugendtreff-laggenbeck.de\/index.php?rest_route=\/wp\/v2\/pages\/11"}],"collection":[{"href":"https:\/\/jugendtreff-laggenbeck.de\/index.php?rest_route=\/wp\/v2\/pages"}],"about":[{"href":"https:\/\/jugendtreff-laggenbeck.de\/index.php?rest_route=\/wp\/v2\/types\/page"}],"author":[{"embeddable":true,"href":"https:\/\/jugendtreff-laggenbeck.de\/index.php?rest_route=\/wp\/v2\/users\/1"}],"replies":[{"embeddable":true,"href":"https:\/\/jugendtreff-laggenbeck.de\/index.php?rest_route=%2Fwp%2Fv2%2Fcomments&post=11"}],"version-history":[{"count":88,"href":"https:\/\/jugendtreff-laggenbeck.de\/index.php?rest_route=\/wp\/v2\/pages\/11\/revisions"}],"predecessor-version":[{"id":614,"href":"https:\/\/jugendtreff-laggenbeck.de\/index.php?rest_route=\/wp\/v2\/pages\/11\/revisions\/614"}],"wp:attachment":[{"href":"https:\/\/jugendtreff-laggenbeck.de\/index.php?rest_route=%2Fwp%2Fv2%2Fmedia&parent=11"}],"curies":[{"name":"wp","href":"https:\/\/api.w.org\/{rel}","templated":true}]}}